{"id":453,"date":"2023-04-02T14:15:41","date_gmt":"2023-04-02T12:15:41","guid":{"rendered":"https:\/\/www.ecofil.hu\/?page_id=453"},"modified":"2023-04-02T14:15:41","modified_gmt":"2023-04-02T12:15:41","slug":"feluleti-szures","status":"publish","type":"page","link":"https:\/\/www.ecofil.hu\/index.php\/feluleti-szures\/","title":{"rendered":"Fel\u00fcleti sz\u0171r\u00e9s"},"content":{"rendered":"<p>[et_pb_section fb_built=&#8221;1&#8243; _builder_version=&#8221;4.19.5&#8243; _module_preset=&#8221;default&#8221; background_color=&#8221;#E3E3E3&#8243; bottom_divider_style=&#8221;slant2&#8243; bottom_divider_color=&#8221;#E2AA49&#8243; bottom_divider_height=&#8221;30px&#8221; global_colors_info=&#8221;{}&#8221; theme_builder_area=&#8221;post_content&#8221;][et_pb_row _builder_version=&#8221;4.20.2&#8243; _module_preset=&#8221;default&#8221; global_colors_info=&#8221;{}&#8221; theme_builder_area=&#8221;post_content&#8221;][et_pb_column type=&#8221;4_4&#8243; _builder_version=&#8221;4.20.2&#8243; _module_preset=&#8221;default&#8221; global_colors_info=&#8221;{}&#8221; theme_builder_area=&#8221;post_content&#8221;][et_pb_text _builder_version=&#8221;4.20.2&#8243; _module_preset=&#8221;default&#8221; text_text_color=&#8221;#080b18&#8243; text_font_size=&#8221;30px&#8221; hover_enabled=&#8221;0&#8243; global_colors_info=&#8221;{}&#8221; theme_builder_area=&#8221;post_content&#8221; sticky_enabled=&#8221;0&#8243;]<\/p>\n<p style=\"text-align: center;\">Fel\u00fcleti sz\u0171r\u00e9s<\/p>\n<p>[\/et_pb_text][\/et_pb_column][\/et_pb_row][\/et_pb_section][et_pb_section fb_built=&#8221;1&#8243; _builder_version=&#8221;4.20.2&#8243; _module_preset=&#8221;default&#8221; background_enable_color=&#8221;off&#8221; background_image=&#8221;https:\/\/www.ecofil.hu\/wp-content\/uploads\/2023\/03\/bg6.png&#8221; top_divider_style=&#8221;slant2&#8243; top_divider_color=&#8221;#E2AA49&#8243; top_divider_height=&#8221;30px&#8221; bottom_divider_style=&#8221;slant2&#8243; bottom_divider_color=&#8221;#E2AA49&#8243; bottom_divider_height=&#8221;30px&#8221; global_colors_info=&#8221;{}&#8221; theme_builder_area=&#8221;post_content&#8221;][et_pb_row _builder_version=&#8221;4.20.2&#8243; _module_preset=&#8221;default&#8221; background_color=&#8221;#E3E3E3&#8243; custom_padding=&#8221;|20px||20px|false|true&#8221; global_colors_info=&#8221;{}&#8221; theme_builder_area=&#8221;post_content&#8221;][et_pb_column type=&#8221;4_4&#8243; _builder_version=&#8221;4.19.5&#8243; _module_preset=&#8221;default&#8221; global_colors_info=&#8221;{}&#8221; theme_builder_area=&#8221;post_content&#8221;][et_pb_text _builder_version=&#8221;4.20.2&#8243; _module_preset=&#8221;default&#8221; text_text_color=&#8221;#080B18&#8243; text_font_size=&#8221;16px&#8221; hover_enabled=&#8221;0&#8243; global_colors_info=&#8221;{}&#8221; theme_builder_area=&#8221;post_content&#8221; sticky_enabled=&#8221;0&#8243;]<\/p>\n<p>A\u00a0fel\u00fcleti sz\u0171r\u00e9s a\u00a0r\u00e9szecsk\u00e9k egyenes felfog\u00e1sa a sz\u0171r\u0151m\u00e9diumon. A\u00a0r\u00e9szecsk\u00e9k, melyek nagyobbak\u00a0a\u00a0sz\u0171r\u0151m\u00e9diumon l\u00e9v\u0151 ny\u00edl\u00e1sokt\u00f3l vagy p\u00f3rusokt\u00f3l felfog\u00f3dnak a\u00a0sz\u0171r\u0151 fel\u00fclet\u00e9n.<\/p>\n<p>Ezt a\u00a0sz\u0171r\u00e9st gyakran haszn\u00e1lj\u00e1k m\u00e9lysz\u0171r\u00e9ssel kombin\u00e1lva a\u00a0m\u00e9lysz\u0171r\u0151k v\u00e9delm\u00e9nek \u00e9rdek\u00e9ben,\u00a0melyek gyakran sokkal dr\u00e1g\u00e1bbak mint a\u00a0fel\u00fcleti sz\u0171r\u0151k. A\u00a0fel\u00fcleti sz\u0171r\u00e9st gyakran haszn\u00e1lj\u00e1k\u00a0a\u00a0folyad\u00e9k \u00e9s szil\u00e1rd r\u00e9szecsk\u00e9k sz\u00e9tv\u00e1laszt\u00e1s\u00e1ra valamint k\u00e9t szil\u00e1rd r\u00e9szecske sz\u00e9tv\u00e1laszt\u00e1s\u00e1ra. Sok\u00a0esetben ezek a\u00a0sz\u0171r\u0151k nomin\u00e1lis sz\u0171r\u00e9st k\u00e9pviselnek (kiv\u00e9ve a\u00a0membr\u00e1nsz\u0171r\u0151ket), mint sz\u00edv\u00f3 vagy\u00a0visszat\u00e9r\u0151 sz\u0171r\u0151kk\u00e9nt haszn\u00e1lj\u00e1k, vagy a t\u00f6bbi sz\u0171r\u0151kkel kombin\u00e1lva.<\/p>\n<p>[\/et_pb_text][\/et_pb_column][\/et_pb_row][et_pb_row _builder_version=&#8221;4.20.2&#8243; _module_preset=&#8221;default&#8221; column_structure=&#8221;2_5,3_5&#8243; theme_builder_area=&#8221;post_content&#8221; background_color=&#8221;#E3E3E3&#8243; custom_padding=&#8221;|20px||20px|false|true&#8221; hover_enabled=&#8221;0&#8243; sticky_enabled=&#8221;0&#8243;][et_pb_column _builder_version=&#8221;4.20.2&#8243; _module_preset=&#8221;default&#8221; type=&#8221;2_5&#8243; theme_builder_area=&#8221;post_content&#8221;][et_pb_image src=&#8221;https:\/\/www.ecofil.hu\/wp-content\/uploads\/2023\/04\/03_hu.png&#8221; _builder_version=&#8221;4.20.2&#8243; _module_preset=&#8221;default&#8221; theme_builder_area=&#8221;post_content&#8221; title_text=&#8221;03_hu&#8221; hover_enabled=&#8221;0&#8243; sticky_enabled=&#8221;0&#8243;][\/et_pb_image][\/et_pb_column][et_pb_column _builder_version=&#8221;4.20.2&#8243; _module_preset=&#8221;default&#8221; type=&#8221;3_5&#8243; theme_builder_area=&#8221;post_content&#8221;][et_pb_text _builder_version=&#8221;4.20.2&#8243; _module_preset=&#8221;default&#8221; theme_builder_area=&#8221;post_content&#8221; text_text_color=&#8221;#080B18&#8243; text_font_size=&#8221;16px&#8221; header_5_text_color=&#8221;#080B18&#8243; header_5_font_size=&#8221;15px&#8221; hover_enabled=&#8221;0&#8243; sticky_enabled=&#8221;0&#8243;]<\/p>\n<h5><strong>R\u00e9szecsk\u00e9k \u00e1raml\u00e1si m\u00f3dja a fel\u00fcleti sz\u0171r\u0151n\u00e9l<\/strong><\/h5>\n<ol>\n<li>folyad\u00e9k sz\u0171r\u0151be val\u00f3 bel\u00e9p\u00e9se<\/li>\n<li>szennyez\u0151d\u00e9sek<\/li>\n<li>sz\u0171r\u0151<\/li>\n<li>szitany\u00edl\u00e1s<\/li>\n<li>folyad\u00e9k sz\u0171r\u0151b\u0151l kil\u00e9p\u00e9se<\/li>\n<\/ol>\n<p>[\/et_pb_text][\/et_pb_column][\/et_pb_row][et_pb_row _builder_version=&#8221;4.20.2&#8243; _module_preset=&#8221;default&#8221; theme_builder_area=&#8221;post_content&#8221; background_color=&#8221;#E3E3E3&#8243; custom_padding=&#8221;|||20px|false|false&#8221; hover_enabled=&#8221;0&#8243; sticky_enabled=&#8221;0&#8243;][et_pb_column _builder_version=&#8221;4.20.2&#8243; _module_preset=&#8221;default&#8221; type=&#8221;4_4&#8243; theme_builder_area=&#8221;post_content&#8221;][et_pb_text _builder_version=&#8221;4.20.2&#8243; _module_preset=&#8221;default&#8221; theme_builder_area=&#8221;post_content&#8221; hover_enabled=&#8221;0&#8243; sticky_enabled=&#8221;0&#8243; text_text_color=&#8221;#080B18&#8243; text_font_size=&#8221;16px&#8221;]<\/p>\n<h5><strong>Viszont, ha a sz\u0171r\u0151k fel\u00fcleti sz\u0171r\u00e9sn\u00e9l a m\u00e9dium \u00e1tfoly\u00e1s\u00e1nak hat\u00e1s\u00e1ra beszennyez\u0151dnek\u00a0a k\u00f6vetkez\u0151 jelens\u00e9gek fordulhatnak el\u0151:<\/strong><\/h5>\n<ul>\n<li>Ha minden p\u00f3rus \u00e9s ny\u00edl\u00e1s be van t\u00f6ltve szennyez\u0151d\u00e9ssel az \u00fajonan \u00e9rkez\u0151 szennyezd\u00e9sek\u00a0a\u00a0r\u00e9szecsk\u00e9k felszabadul\u00e1s\u00e1t okozhatj\u00e1k, amelyek ezel\u0151tt meg voltak fogva. Ez\u00e1ltal a\u00a0rendszer\u00a0nem tiszt\u00edt\u00f3dik toV\u00e1bb, ellent\u00e9tben felszabad\u00edthatja a\u00a0szennytorl\u00f3d\u00e1sokat \u00e9s m\u00e9g jobban\u00a0beszennyezi a\u00a0rendszert. V\u00e9szhelyzet akkor \u00e1ll fenn, ha bek\u00f6vetkezik a\u00a0sz\u0171r\u0151m\u00e9dium\u00a0fel\u00fclet\u00e9nek sz\u00e9tszakad\u00e1sa \u00e9s a\u00a0r\u00e9szecsk\u00e9k felszabadulnak a\u00a0hordoz\u00f3 folyad\u00e9kba. A\u00a0rendszer\u00a0sz\u0171r\u00e9s n\u00e9lk\u00fcl marad.<\/li>\n<li>Ha minden p\u00f3rus \u00e9s ny\u00edl\u00e1s r\u00e9szecsk\u00e9kkel van megt\u00f6ltve, az \u00fajonan \u00e9rkez\u0151 szennyez\u0151d\u00e9sek \u00e9s\u00a0f\u0151leg a\u00a0nagyon kicsik (gyakran torl\u00f3d\u00e1sok) a\u00a0felsz\u00ednen \u00faj sz\u0171r\u0151r\u00e9teget alkotnak, ami mag\u00e1ban\u00a0egy sz\u0171r\u0151. Egy \u00fagynevezett sz\u0171r\u0151kal\u00e1cs keletkezik. Ezt a\u00a0hat\u00e1st f\u0151leg a\u00a0v\u00e1g\u00f3 \u00e9s k\u00f6sz\u00f6r\u00fcl\u0151\u00a0emulzi\u00f3k sz\u0171r\u00e9s\u00e9n\u00e9l haszn\u00e1lj\u00e1k ki. A kal\u00e1cs magass\u00e1g\u00e1t azonban ellen\u0151rizni kell, mert\u00a0a\u00a0kritikus vastags\u00e1g \u00e1tl\u00e9p\u00e9se er\u0151sen cs\u00f6kkenti az \u00e1tfoly\u00e1st, vagy sor ker\u00fcl a\u00a0sz\u0171r\u0151 anyag\u00e1nak\u00a0\u00e1tszakad\u00e1s\u00e1ra.<\/li>\n<li>Magasabb nyom\u00e1sn\u00e1l vagy a\u00a0folyad\u00e9k nagy gyorsas\u00e1g\u00fa \u00e1raml\u00e1s\u00e1n\u00e1l el\u0151fordulhat az\u00a0a\u00a0jelens\u00e9g, hogy egy bizonyos nagys\u00e1g\u00fa\u00a0ny\u00edl\u00e1son, vagy a\u00a0p\u00f3ruson kereszt\u00fcl \u00e1thalad nagyobb\u00a0r\u00e9szecske, mint a\u00a0ny\u00edl\u00e1s, vagy a\u00a0p\u00f3rus nagys\u00e1ga.<\/li>\n<\/ul>\n<p>[\/et_pb_text][\/et_pb_column][\/et_pb_row][\/et_pb_section]<\/p>\n","protected":false},"excerpt":{"rendered":"<p>Fel\u00fcleti sz\u0171r\u00e9sA\u00a0fel\u00fcleti sz\u0171r\u00e9s a\u00a0r\u00e9szecsk\u00e9k egyenes felfog\u00e1sa a sz\u0171r\u0151m\u00e9diumon. A\u00a0r\u00e9szecsk\u00e9k, melyek nagyobbak\u00a0a\u00a0sz\u0171r\u0151m\u00e9diumon l\u00e9v\u0151 ny\u00edl\u00e1sokt\u00f3l vagy p\u00f3rusokt\u00f3l felfog\u00f3dnak a\u00a0sz\u0171r\u0151 fel\u00fclet\u00e9n. Ezt a\u00a0sz\u0171r\u00e9st gyakran haszn\u00e1lj\u00e1k m\u00e9lysz\u0171r\u00e9ssel kombin\u00e1lva a\u00a0m\u00e9lysz\u0171r\u0151k v\u00e9delm\u00e9nek \u00e9rdek\u00e9ben,\u00a0melyek gyakran sokkal dr\u00e1g\u00e1bbak mint a\u00a0fel\u00fcleti sz\u0171r\u0151k. A\u00a0fel\u00fcleti sz\u0171r\u00e9st gyakran haszn\u00e1lj\u00e1k\u00a0a\u00a0folyad\u00e9k \u00e9s szil\u00e1rd r\u00e9szecsk\u00e9k sz\u00e9tv\u00e1laszt\u00e1s\u00e1ra valamint k\u00e9t szil\u00e1rd r\u00e9szecske sz\u00e9tv\u00e1laszt\u00e1s\u00e1ra. Sok\u00a0esetben ezek a\u00a0sz\u0171r\u0151k nomin\u00e1lis sz\u0171r\u00e9st k\u00e9pviselnek (kiv\u00e9ve a\u00a0membr\u00e1nsz\u0171r\u0151ket), mint [&hellip;]<\/p>\n","protected":false},"author":1,"featured_media":0,"parent":0,"menu_order":0,"comment_status":"closed","ping_status":"closed","template":"","meta":{"_et_pb_use_builder":"on","_et_pb_old_content":"","_et_gb_content_width":"","footnotes":""},"class_list":["post-453","page","type-page","status-publish","hentry"],"_links":{"self":[{"href":"https:\/\/www.ecofil.hu\/index.php\/wp-json\/wp\/v2\/pages\/453","targetHints":{"allow":["GET"]}}],"collection":[{"href":"https:\/\/www.ecofil.hu\/index.php\/wp-json\/wp\/v2\/pages"}],"about":[{"href":"https:\/\/www.ecofil.hu\/index.php\/wp-json\/wp\/v2\/types\/page"}],"author":[{"embeddable":true,"href":"https:\/\/www.ecofil.hu\/index.php\/wp-json\/wp\/v2\/users\/1"}],"replies":[{"embeddable":true,"href":"https:\/\/www.ecofil.hu\/index.php\/wp-json\/wp\/v2\/comments?post=453"}],"version-history":[{"count":3,"href":"https:\/\/www.ecofil.hu\/index.php\/wp-json\/wp\/v2\/pages\/453\/revisions"}],"predecessor-version":[{"id":458,"href":"https:\/\/www.ecofil.hu\/index.php\/wp-json\/wp\/v2\/pages\/453\/revisions\/458"}],"wp:attachment":[{"href":"https:\/\/www.ecofil.hu\/index.php\/wp-json\/wp\/v2\/media?parent=453"}],"curies":[{"name":"wp","href":"https:\/\/api.w.org\/{rel}","templated":true}]}}